{"id":325,"date":"2021-02-23T12:40:27","date_gmt":"2021-02-23T11:40:27","guid":{"rendered":"https:\/\/www.studioriva.it\/tax-press-review\/"},"modified":"2021-02-23T12:40:27","modified_gmt":"2021-02-23T11:40:27","slug":"tax-press-review","status":"publish","type":"page","link":"https:\/\/www.studioriva.it\/en\/tax-press-review\/","title":{"rendered":"Tax Press review"},"content":{"rendered":"\t\t<div data-elementor-type=\"wp-page\" data-elementor-id=\"325\" class=\"elementor elementor-325 elementor-12\" data-elementor-post-type=\"page\">\n\t\t\t\t\t\t<section class=\"ob-is-breaking-bad elementor-section elementor-top-section elementor-element elementor-element-4313769 elementor-section-height-min-height elementor-section-boxed elementor-section-height-default elementor-section-items-middle\" data-id=\"4313769\" data-element_type=\"section\" data-settings=\"{&quot;background_background&quot;:&quot;classic&quot;,&quot;_ob_bbad_use_it&quot;:&quot;yes&quot;,&quot;_ob_bbad_sssic_use&quot;:&quot;no&quot;,&quot;_ob_glider_is_slider&quot;:&quot;no&quot;}\">\n\t\t\t\t\t\t\t<div class=\"elementor-background-overlay\"><\/div>\n\t\t\t\t\t\t\t<div class=\"elementor-container elementor-column-gap-extended\">\n\t\t\t\t\t<div class=\"elementor-column elementor-col-100 elementor-top-column elementor-element elementor-element-d098933\" data-id=\"d098933\" data-element_type=\"column\" data-settings=\"{&quot;_ob_bbad_is_stalker&quot;:&quot;no&quot;,&quot;_ob_teleporter_use&quot;:false,&quot;_ob_column_hoveranimator&quot;:&quot;no&quot;,&quot;_ob_column_has_pseudo&quot;:&quot;no&quot;}\">\n\t\t\t<div class=\"elementor-widget-wrap elementor-element-populated\">\n\t\t\t\t\t\t<div class=\"elementor-element elementor-element-48d1c7b ob-harakiri-inherit ob-has-background-overlay elementor-widget elementor-widget-heading\" data-id=\"48d1c7b\" data-element_type=\"widget\" data-settings=\"{&quot;_ob_use_harakiri&quot;:&quot;yes&quot;,&quot;_ob_harakiri_writing_mode&quot;:&quot;inherit&quot;,&quot;_ob_harakiri_text_clip&quot;:&quot;none&quot;,&quot;_ob_perspektive_use&quot;:&quot;no&quot;,&quot;_ob_poopart_use&quot;:&quot;yes&quot;,&quot;_ob_shadough_use&quot;:&quot;no&quot;,&quot;_ob_allow_hoveranimator&quot;:&quot;no&quot;,&quot;_ob_widget_stalker_use&quot;:&quot;no&quot;}\" data-widget_type=\"heading.default\">\n\t\t\t\t<div class=\"elementor-widget-container\">\n\t\t\t\t\t<h1 class=\"elementor-heading-title elementor-size-large\">Tax Press review<\/h1>\t\t\t\t<\/div>\n\t\t\t\t<\/div>\n\t\t\t\t<div class=\"elementor-element elementor-element-f4116ad ob-has-background-overlay elementor-widget elementor-widget-shortcode\" data-id=\"f4116ad\" data-element_type=\"widget\" data-settings=\"{&quot;_ob_perspektive_use&quot;:&quot;no&quot;,&quot;_ob_poopart_use&quot;:&quot;yes&quot;,&quot;_ob_shadough_use&quot;:&quot;no&quot;,&quot;_ob_allow_hoveranimator&quot;:&quot;no&quot;,&quot;_ob_widget_stalker_use&quot;:&quot;no&quot;}\" data-widget_type=\"shortcode.default\">\n\t\t\t\t<div class=\"elementor-widget-container\">\n\t\t\t\t\t\t\t<div class=\"elementor-shortcode\">    <div class=\"metaping-tabs metaping-rassegna\">\n            \n        <article class=\"metaping-tab metaping-rassegna_fiscale\">\n            <input type=\"radio\" id=\"tab-rassegna_fiscale0\" name=\"rd\">\n            <label class=\"metaping-tab-label\" for=\"tab-rassegna_fiscale0\">\n                <div class=\"title\">\n                    <div class=\"meta\">\n                        <span class=\"date\">30 April 2026<\/span> | <span class=\"quote\">Corriere della Sera - Andrea Ducci - Pag. 16<\/span>\n                    <\/div>\n                    <h3>Piano casa, obiettivo quota 100mila  Risorse per quattro miliardi<\/h3>\n                <\/div>\n            <\/label>\n            <div class=\"metaping-tab-container\">\n                <div class=\"metaping-tab-content metaping-article metaping-rassegna_fiscale\">\n                    <div class=\"closebutton\">\n                        <input type=\"radio\" id=\"close\" name=\"rd\">\n                        <label for=\"close\" class=\"metaping-tab-close\">Chiudi &times;<\/label>\n                    <\/div>\n                    <div class=\"title\">\n                        <h2>Piano casa, obiettivo quota 100mila  Risorse per quattro miliardi<\/h2>\n                        <div class=\"meta\">\n                            <span class=\"date\">30 April 2026<\/span> | <span class=\"quote\">Corriere della Sera - Andrea Ducci - Pag. 16<\/span>\n                        <\/div>\n                    <\/div>\n                    <br>\n                    <div class=\"text\">\n                        <p><span style=\"font-weight: 400;\">Il Consiglio dei ministri, convocato per oggi, dovr\u00e0 mettere mano a un nuovo provvedimento per prorogare il taglio delle accise. Il Governo sarebbe orientato ad una riduzione pi\u00f9 mirata sul gasolio rispetto alla benzina, perch\u00e9 quest\u2019ultima \u00e8 rincarata di meno dopo lo scoppio della guerra nel Golfo. La misura dovrebbe durare due settimane, ma molto dipende dalle coperture. In discussione anche il credito d\u2019imposta per l\u2019autotrasporto per dare un segnale alla categoria che ha annunciato uno sciopero dal 25 al 29 maggio. Oggi in Cdm sar\u00e0 illustrato il Piano casa che stanzia circa 4 miliardi di euro per \u2018superare l\u2019approccio emergenziale al disagio abitativo e promuovere il diritto alla casa attraverso politiche orientate alla sostenibilit\u00e0, alla valorizzazione del patrimonio immobiliare esistente, alla rigenerazione urbana, alla coesione sociale e al contenimento del consumo di suolo\u2019. Il Governo vuole dare un segnale concreto, avviando interventi di recupero e ristrutturazione di 50 mila alloggi popolari oggi inagibili o non utilizzabili. (Ved. anche Il Sole 24 Ore: \u2018Sulle accise sconti alleggeriti, con pi\u00f9 risorse per il gasolio\u2019 e \u2018Dalle case popolari alle semplificazioni, il Piano casa da 4 miliardi al traguardo\u2019 \u2013 pag. 3)<\/span><\/p>\n                    <\/div>\n                                    <\/div>\n            <\/div>\n        <\/article>\n        <!-- originale \n        <article class=\"metaping-article metaping-rassegna_fiscale\">\n            <div class=\"meta\">\n                <span class=\"date\">30 April 2026<\/span>\n            <\/div>\n            <div class=\"title\">\n                <h3>Piano casa, obiettivo quota 100mila  Risorse per quattro miliardi<\/h3>\n            <\/div>\n            <div class=\"meta\">\n                <span class=\"quote\">Corriere della Sera - Andrea Ducci - Pag. 16<\/span>\n            <\/div>\n            <hr>\n            <div class=\"text\">\n\t\t\t\t<p><span style=\"font-weight: 400;\">Il Consiglio dei ministri, convocato per oggi, dovr\u00e0 mettere mano a un nuovo provvedimento per prorogare il taglio delle accise. Il Governo sarebbe orientato ad una riduzione pi\u00f9 mirata sul gasolio rispetto alla benzina, perch\u00e9 quest\u2019ultima \u00e8 rincarata di meno dopo lo scoppio della guerra nel Golfo. La misura dovrebbe durare due settimane, ma molto dipende dalle coperture. In discussione anche il credito d\u2019imposta per l\u2019autotrasporto per dare un segnale alla categoria che ha annunciato uno sciopero dal 25 al 29 maggio. Oggi in Cdm sar\u00e0 illustrato il Piano casa che stanzia circa 4 miliardi di euro per \u2018superare l\u2019approccio emergenziale al disagio abitativo e promuovere il diritto alla casa attraverso politiche orientate alla sostenibilit\u00e0, alla valorizzazione del patrimonio immobiliare esistente, alla rigenerazione urbana, alla coesione sociale e al contenimento del consumo di suolo\u2019. Il Governo vuole dare un segnale concreto, avviando interventi di recupero e ristrutturazione di 50 mila alloggi popolari oggi inagibili o non utilizzabili. (Ved. anche Il Sole 24 Ore: \u2018Sulle accise sconti alleggeriti, con pi\u00f9 risorse per il gasolio\u2019 e \u2018Dalle case popolari alle semplificazioni, il Piano casa da 4 miliardi al traguardo\u2019 \u2013 pag. 3)<\/span><\/p>\n            <\/div>\n\t\t\t        <\/article>\n         fine originale -->\n\t        \n        <article class=\"metaping-tab metaping-rassegna_fiscale\">\n            <input type=\"radio\" id=\"tab-rassegna_fiscale1\" name=\"rd\">\n            <label class=\"metaping-tab-label\" for=\"tab-rassegna_fiscale1\">\n                <div class=\"title\">\n                    <div class=\"meta\">\n                        <span class=\"date\">30 April 2026<\/span> | <span class=\"quote\">Corriere della Sera - Mario Sensini - Pag. 17<\/span>\n                    <\/div>\n                    <h3>La maggioranza chiede la revisione dei vincoli europei  Il duello con l\u2019opposizione<\/h3>\n                <\/div>\n            <\/label>\n            <div class=\"metaping-tab-container\">\n                <div class=\"metaping-tab-content metaping-article metaping-rassegna_fiscale\">\n                    <div class=\"closebutton\">\n                        <input type=\"radio\" id=\"close\" name=\"rd\">\n                        <label for=\"close\" class=\"metaping-tab-close\">Chiudi &times;<\/label>\n                    <\/div>\n                    <div class=\"title\">\n                        <h2>La maggioranza chiede la revisione dei vincoli europei  Il duello con l\u2019opposizione<\/h2>\n                        <div class=\"meta\">\n                            <span class=\"date\">30 April 2026<\/span> | <span class=\"quote\">Corriere della Sera - Mario Sensini - Pag. 17<\/span>\n                        <\/div>\n                    <\/div>\n                    <br>\n                    <div class=\"text\">\n                        <p><span style=\"font-weight: 400;\">Prevale la linea della prudenza. Nessun scostamento di bilancio, dunque, almeno per ora e comunque non prima di aver provato a convincere la Commissione europea ad attivare le deroghe al Patto di Stabilit\u00e0. La Lega avrebbe voluto di pi\u00f9 ma Forza Italia e Fratelli d\u2019Italia invitano alla cautela. Alla luce di ci\u00f2 il Documento di finanza pubblica che sar\u00e0 votato oggi alla Camera, non dovrebbe contenere sorprese. Nessuno strappo alle regole. L\u2019Esecutivo verrebbe invitato dalla maggioranza a chiedere a Bruxelles l\u2019attivazione \u2018di tutto ci\u00f2 che \u00e8 utile\u2019 per sfruttare ogni flessibilit\u00e0 prevista dalle regole di governo della finanza pubblica in Europa. Flessibilit\u00e0 che dovrebbe permettere di sforare il 3% di deficit senza incorrere in ulteriori sanzioni. La deroga oggi \u00e8 prevista solo per le spese di difesa e sicurezza, ma il Governo sarebbe invitato a chiederne l\u2019attivazione per fronteggiare gli extra costi legati alla crisi energetica e all\u2019inflazione. (Ved. anche Il Sole 24 Ore: \u2018Conti, il Parlamento chiede \u2018flessibilit\u00e0\u2019 sulle regole Ue\u2019 \u2013 pag. 3)<\/span><\/p>\n                    <\/div>\n                                    <\/div>\n            <\/div>\n        <\/article>\n        <!-- originale \n        <article class=\"metaping-article metaping-rassegna_fiscale\">\n            <div class=\"meta\">\n                <span class=\"date\">30 April 2026<\/span>\n            <\/div>\n            <div class=\"title\">\n                <h3>La maggioranza chiede la revisione dei vincoli europei  Il duello con l\u2019opposizione<\/h3>\n            <\/div>\n            <div class=\"meta\">\n                <span class=\"quote\">Corriere della Sera - Mario Sensini - Pag. 17<\/span>\n            <\/div>\n            <hr>\n            <div class=\"text\">\n\t\t\t\t<p><span style=\"font-weight: 400;\">Prevale la linea della prudenza. Nessun scostamento di bilancio, dunque, almeno per ora e comunque non prima di aver provato a convincere la Commissione europea ad attivare le deroghe al Patto di Stabilit\u00e0. La Lega avrebbe voluto di pi\u00f9 ma Forza Italia e Fratelli d\u2019Italia invitano alla cautela. Alla luce di ci\u00f2 il Documento di finanza pubblica che sar\u00e0 votato oggi alla Camera, non dovrebbe contenere sorprese. Nessuno strappo alle regole. L\u2019Esecutivo verrebbe invitato dalla maggioranza a chiedere a Bruxelles l\u2019attivazione \u2018di tutto ci\u00f2 che \u00e8 utile\u2019 per sfruttare ogni flessibilit\u00e0 prevista dalle regole di governo della finanza pubblica in Europa. Flessibilit\u00e0 che dovrebbe permettere di sforare il 3% di deficit senza incorrere in ulteriori sanzioni. La deroga oggi \u00e8 prevista solo per le spese di difesa e sicurezza, ma il Governo sarebbe invitato a chiederne l\u2019attivazione per fronteggiare gli extra costi legati alla crisi energetica e all\u2019inflazione. (Ved. anche Il Sole 24 Ore: \u2018Conti, il Parlamento chiede \u2018flessibilit\u00e0\u2019 sulle regole Ue\u2019 \u2013 pag. 3)<\/span><\/p>\n            <\/div>\n\t\t\t        <\/article>\n         fine originale -->\n\t        \n        <article class=\"metaping-tab metaping-rassegna_fiscale\">\n            <input type=\"radio\" id=\"tab-rassegna_fiscale2\" name=\"rd\">\n            <label class=\"metaping-tab-label\" for=\"tab-rassegna_fiscale2\">\n                <div class=\"title\">\n                    <div class=\"meta\">\n                        <span class=\"date\">30 April 2026<\/span> | <span class=\"quote\">Corriere della Sera - Massimiliano Jattoni Dall\u2019As\u00e9n - Pag. 32<\/span>\n                    <\/div>\n                    <h3>Fisco, il caso degli errori sui rimborsi. L\u2019Agenzia: risolti<\/h3>\n                <\/div>\n            <\/label>\n            <div class=\"metaping-tab-container\">\n                <div class=\"metaping-tab-content metaping-article metaping-rassegna_fiscale\">\n                    <div class=\"closebutton\">\n                        <input type=\"radio\" id=\"close\" name=\"rd\">\n                        <label for=\"close\" class=\"metaping-tab-close\">Chiudi &times;<\/label>\n                    <\/div>\n                    <div class=\"title\">\n                        <h2>Fisco, il caso degli errori sui rimborsi. L\u2019Agenzia: risolti<\/h2>\n                        <div class=\"meta\">\n                            <span class=\"date\">30 April 2026<\/span> | <span class=\"quote\">Corriere della Sera - Massimiliano Jattoni Dall\u2019As\u00e9n - Pag. 32<\/span>\n                        <\/div>\n                    <\/div>\n                    <br>\n                    <div class=\"text\">\n                        <p><span style=\"font-weight: 400;\">Da oggi pomeriggio la dichiarazione precompilata 2026 sar\u00e0 disponibile nell\u2019area riservata del sito alla sezione \u2018Dichiarazione precompilata\u2019. L\u2019Agenzia delle Entrate rassicura che le anomalie riscontrate nelle scorse settimane nelle Certificazioni Uniche sono state corrette e gi\u00e0 ritrasmesse, consentendo l\u2019aggiornamento delle dichiarazioni. Fino al 14 maggio la precompilata sar\u00e0 consultabile solo in modalit\u00e0 visualizzazione e, in caso di ulteriori errori, i sostituti d\u2019imposta potranno inviare certificazioni rettificative. I contribuenti interessati saranno informati della presenza della Cu rettificativa nel cassetto fiscale con un avviso personalizzato. La precisazione arriva dopo l\u2019allarme lanciato da Cgil e Caaf sulla quota \u2018significativa\u2019 di Certificazioni Uniche, contenenti errori tali da compromettere il corretto accesso ai benefici fiscali per i lavoratori dipendenti. (Ved. anche Il Sole 24 Ore: \u2018Cgil: rischio precompilate per certificazioni errate Le Entrate: 730 aggiornati\u2019 \u2013 pag. 2)<\/span><\/p>\n                    <\/div>\n                                    <\/div>\n            <\/div>\n        <\/article>\n        <!-- originale \n        <article class=\"metaping-article metaping-rassegna_fiscale\">\n            <div class=\"meta\">\n                <span class=\"date\">30 April 2026<\/span>\n            <\/div>\n            <div class=\"title\">\n                <h3>Fisco, il caso degli errori sui rimborsi. L\u2019Agenzia: risolti<\/h3>\n            <\/div>\n            <div class=\"meta\">\n                <span class=\"quote\">Corriere della Sera - Massimiliano Jattoni Dall\u2019As\u00e9n - Pag. 32<\/span>\n            <\/div>\n            <hr>\n            <div class=\"text\">\n\t\t\t\t<p><span style=\"font-weight: 400;\">Da oggi pomeriggio la dichiarazione precompilata 2026 sar\u00e0 disponibile nell\u2019area riservata del sito alla sezione \u2018Dichiarazione precompilata\u2019. L\u2019Agenzia delle Entrate rassicura che le anomalie riscontrate nelle scorse settimane nelle Certificazioni Uniche sono state corrette e gi\u00e0 ritrasmesse, consentendo l\u2019aggiornamento delle dichiarazioni. Fino al 14 maggio la precompilata sar\u00e0 consultabile solo in modalit\u00e0 visualizzazione e, in caso di ulteriori errori, i sostituti d\u2019imposta potranno inviare certificazioni rettificative. I contribuenti interessati saranno informati della presenza della Cu rettificativa nel cassetto fiscale con un avviso personalizzato. La precisazione arriva dopo l\u2019allarme lanciato da Cgil e Caaf sulla quota \u2018significativa\u2019 di Certificazioni Uniche, contenenti errori tali da compromettere il corretto accesso ai benefici fiscali per i lavoratori dipendenti. (Ved. anche Il Sole 24 Ore: \u2018Cgil: rischio precompilate per certificazioni errate Le Entrate: 730 aggiornati\u2019 \u2013 pag. 2)<\/span><\/p>\n            <\/div>\n\t\t\t        <\/article>\n         fine originale -->\n\t        \n        <article class=\"metaping-tab metaping-rassegna_fiscale\">\n            <input type=\"radio\" id=\"tab-rassegna_fiscale3\" name=\"rd\">\n            <label class=\"metaping-tab-label\" for=\"tab-rassegna_fiscale3\">\n                <div class=\"title\">\n                    <div class=\"meta\">\n                        <span class=\"date\">30 April 2026<\/span> | <span class=\"quote\">Il Sole 24 Ore - J.M. Del Bo, M.Mobili, G.Parente - Pag. 2<\/span>\n                    <\/div>\n                    <h3>Partite Iva, concordato verso il rinvio al 31 ottobre<\/h3>\n                <\/div>\n            <\/label>\n            <div class=\"metaping-tab-container\">\n                <div class=\"metaping-tab-content metaping-article metaping-rassegna_fiscale\">\n                    <div class=\"closebutton\">\n                        <input type=\"radio\" id=\"close\" name=\"rd\">\n                        <label for=\"close\" class=\"metaping-tab-close\">Chiudi &times;<\/label>\n                    <\/div>\n                    <div class=\"title\">\n                        <h2>Partite Iva, concordato verso il rinvio al 31 ottobre<\/h2>\n                        <div class=\"meta\">\n                            <span class=\"date\">30 April 2026<\/span> | <span class=\"quote\">Il Sole 24 Ore - J.M. Del Bo, M.Mobili, G.Parente - Pag. 2<\/span>\n                        <\/div>\n                    <\/div>\n                    <br>\n                    <div class=\"text\">\n                        <p><span style=\"font-weight: 400;\">Restyling in corso sul concordato preventivo biennale. Al fine di rendere lo strumento pi\u00f9 conveniente e appetibile il viceministro all\u2019Economia, Maurizio Leo ha anticipato che per il biennio 2026-2027 il termine di adesione slitta dal 30 settembre al 31 ottobre. In questo modo si allinea la scadenza con quella per la presentazione telematica delle dichiarazioni dei redditi, Irap e degli Isa. Anche un\u2019altra scadenza \u00e8 destinata alla proroga, ovvero il rilascio del software per la proposta dell\u2019accordo che per quest\u2019anno slitta dal 15 aprile al 15 maggio. Tempo in pi\u00f9 per recepire le modifiche contenute nel decreto fiscale presentato dal FdI che prevede anche \u2018premi fedelt\u00e0\u2019 per coloro che hanno aderito al patto con il Fisco e che ora devono rinnovarlo. L\u2019intento \u00e8 quello di alzare le soglie degli esoneri dall\u2019obbligo del visto di conformit\u00e0 per compensare crediti non oltre i 100 mila euro per l\u2019Iva e non oltre i 70 mila euro per imposte dirette e Irap e quelle per apporre il visto o presentare la garanzia per i rimborsi Iva non oltre i 100 mila euro.\u00a0<\/span><\/p>\n                    <\/div>\n                                    <\/div>\n            <\/div>\n        <\/article>\n        <!-- originale \n        <article class=\"metaping-article metaping-rassegna_fiscale\">\n            <div class=\"meta\">\n                <span class=\"date\">30 April 2026<\/span>\n            <\/div>\n            <div class=\"title\">\n                <h3>Partite Iva, concordato verso il rinvio al 31 ottobre<\/h3>\n            <\/div>\n            <div class=\"meta\">\n                <span class=\"quote\">Il Sole 24 Ore - J.M. Del Bo, M.Mobili, G.Parente - Pag. 2<\/span>\n            <\/div>\n            <hr>\n            <div class=\"text\">\n\t\t\t\t<p><span style=\"font-weight: 400;\">Restyling in corso sul concordato preventivo biennale. Al fine di rendere lo strumento pi\u00f9 conveniente e appetibile il viceministro all\u2019Economia, Maurizio Leo ha anticipato che per il biennio 2026-2027 il termine di adesione slitta dal 30 settembre al 31 ottobre. In questo modo si allinea la scadenza con quella per la presentazione telematica delle dichiarazioni dei redditi, Irap e degli Isa. Anche un\u2019altra scadenza \u00e8 destinata alla proroga, ovvero il rilascio del software per la proposta dell\u2019accordo che per quest\u2019anno slitta dal 15 aprile al 15 maggio. Tempo in pi\u00f9 per recepire le modifiche contenute nel decreto fiscale presentato dal FdI che prevede anche \u2018premi fedelt\u00e0\u2019 per coloro che hanno aderito al patto con il Fisco e che ora devono rinnovarlo. L\u2019intento \u00e8 quello di alzare le soglie degli esoneri dall\u2019obbligo del visto di conformit\u00e0 per compensare crediti non oltre i 100 mila euro per l\u2019Iva e non oltre i 70 mila euro per imposte dirette e Irap e quelle per apporre il visto o presentare la garanzia per i rimborsi Iva non oltre i 100 mila euro.\u00a0<\/span><\/p>\n            <\/div>\n\t\t\t        <\/article>\n         fine originale -->\n\t        \n        <article class=\"metaping-tab metaping-rassegna_fiscale\">\n            <input type=\"radio\" id=\"tab-rassegna_fiscale4\" name=\"rd\">\n            <label class=\"metaping-tab-label\" for=\"tab-rassegna_fiscale4\">\n                <div class=\"title\">\n                    <div class=\"meta\">\n                        <span class=\"date\">30 April 2026<\/span> | <span class=\"quote\">Il Sole 24 Ore - Beda Romano - Pag. 4<\/span>\n                    <\/div>\n                    <h3>La Ue: aiuti di Stato fino al 70% per trasporti, agricoltura, pesca<\/h3>\n                <\/div>\n            <\/label>\n            <div class=\"metaping-tab-container\">\n                <div class=\"metaping-tab-content metaping-article metaping-rassegna_fiscale\">\n                    <div class=\"closebutton\">\n                        <input type=\"radio\" id=\"close\" name=\"rd\">\n                        <label for=\"close\" class=\"metaping-tab-close\">Chiudi &times;<\/label>\n                    <\/div>\n                    <div class=\"title\">\n                        <h2>La Ue: aiuti di Stato fino al 70% per trasporti, agricoltura, pesca<\/h2>\n                        <div class=\"meta\">\n                            <span class=\"date\">30 April 2026<\/span> | <span class=\"quote\">Il Sole 24 Ore - Beda Romano - Pag. 4<\/span>\n                        <\/div>\n                    <\/div>\n                    <br>\n                    <div class=\"text\">\n                        <p><span style=\"font-weight: 400;\">Lo shock energetico della guerra nel Golfo costringe Bruxelles a varare nuove misure di flessibilit\u00e0 nell\u2019uso degli aiuti di Stato. I settori maggiormente colpiti dalla crisi economica ovvero agricoltura, pesca e trasporti, potranno godere di sussidi nell\u2019acquisto di carburanti e fertilizzanti. Sono previste procedure semplificate e aiuti fino a 50 mila euro per beneficiario, oltre a rimborsi energetici per imprese energivore. Le misure sono temporanee e mirano a contenere gli effetti della crisi. Resta per\u00f2 il dubbio che interventi ad hoc possano distorcere il mercato unico e favorire i Paesi pi\u00f9 solidi. La Commissione europea ribadisce che la transizione energetica \u00e8 la soluzione strutturale alla crisi. Intanto, l\u2019aumento dei costi energetici e le tensioni geopolitiche fanno temere effetti economici duraturi. (Ved. anche Italia Oggi: \u2018L\u2019Ue eleva gli aiuti di stato\u2019 \u2013 pag. 24)<\/span><\/p>\n                    <\/div>\n                                    <\/div>\n            <\/div>\n        <\/article>\n        <!-- originale \n        <article class=\"metaping-article metaping-rassegna_fiscale\">\n            <div class=\"meta\">\n                <span class=\"date\">30 April 2026<\/span>\n            <\/div>\n            <div class=\"title\">\n                <h3>La Ue: aiuti di Stato fino al 70% per trasporti, agricoltura, pesca<\/h3>\n            <\/div>\n            <div class=\"meta\">\n                <span class=\"quote\">Il Sole 24 Ore - Beda Romano - Pag. 4<\/span>\n            <\/div>\n            <hr>\n            <div class=\"text\">\n\t\t\t\t<p><span style=\"font-weight: 400;\">Lo shock energetico della guerra nel Golfo costringe Bruxelles a varare nuove misure di flessibilit\u00e0 nell\u2019uso degli aiuti di Stato. I settori maggiormente colpiti dalla crisi economica ovvero agricoltura, pesca e trasporti, potranno godere di sussidi nell\u2019acquisto di carburanti e fertilizzanti. Sono previste procedure semplificate e aiuti fino a 50 mila euro per beneficiario, oltre a rimborsi energetici per imprese energivore. Le misure sono temporanee e mirano a contenere gli effetti della crisi. Resta per\u00f2 il dubbio che interventi ad hoc possano distorcere il mercato unico e favorire i Paesi pi\u00f9 solidi. La Commissione europea ribadisce che la transizione energetica \u00e8 la soluzione strutturale alla crisi. Intanto, l\u2019aumento dei costi energetici e le tensioni geopolitiche fanno temere effetti economici duraturi. (Ved. anche Italia Oggi: \u2018L\u2019Ue eleva gli aiuti di stato\u2019 \u2013 pag. 24)<\/span><\/p>\n            <\/div>\n\t\t\t        <\/article>\n         fine originale -->\n\t        \n        <article class=\"metaping-tab metaping-rassegna_fiscale\">\n            <input type=\"radio\" id=\"tab-rassegna_fiscale5\" name=\"rd\">\n            <label class=\"metaping-tab-label\" for=\"tab-rassegna_fiscale5\">\n                <div class=\"title\">\n                    <div class=\"meta\">\n                        <span class=\"date\">30 April 2026<\/span> | <span class=\"quote\">Il Sole 24 Ore - Gianni Trovati - Pag. 4<\/span>\n                    <\/div>\n                    <h3>Scostamento, deroga e nuovo Patto: a cosa punta l\u2019Italia<\/h3>\n                <\/div>\n            <\/label>\n            <div class=\"metaping-tab-container\">\n                <div class=\"metaping-tab-content metaping-article metaping-rassegna_fiscale\">\n                    <div class=\"closebutton\">\n                        <input type=\"radio\" id=\"close\" name=\"rd\">\n                        <label for=\"close\" class=\"metaping-tab-close\">Chiudi &times;<\/label>\n                    <\/div>\n                    <div class=\"title\">\n                        <h2>Scostamento, deroga e nuovo Patto: a cosa punta l\u2019Italia<\/h2>\n                        <div class=\"meta\">\n                            <span class=\"date\">30 April 2026<\/span> | <span class=\"quote\">Il Sole 24 Ore - Gianni Trovati - Pag. 4<\/span>\n                        <\/div>\n                    <\/div>\n                    <br>\n                    <div class=\"text\">\n                        <p><span style=\"font-weight: 400;\">Crisi energetica. Il Governo italiano preme per la sospensione generalizzata del Patto di Stabilit\u00e0 sostenendo che la \u2018grave congiuntura negativa nella zona euro o nell\u2019Unione nel suo complesso\u2019 che la giustifica vada \u2018prevenuta e non subita o attesa\u2019. Visto che la Commissione europea non si muove, Roma \u2018non esclude\u2019 di chiedere l\u2019attivazione della clausola nazionale, motivata dalle \u2018circostanze eccezionali al di fuori del controllo dello Stato membro\u2019 con \u2018rilevanti ripercussioni sulle sue finanze pubbliche\u2019. Lo scostamento non sarebbe dagli obiettivi di deficit, ma dalle traiettorie di spesa primaria netta. L\u2019Italia chiederebbe quindi di poter aumentare la spesa pubblica, calcolata al netto di interessi, entrate discrezionali, fondi Ue, cofinanziamenti nazionali e sussidi ciclici alla disoccupazione, pi\u00f9 di quanto concordato con Bruxelles nel Piano strutturale di bilancio di fine 2024.\u00a0<\/span><\/p>\n                    <\/div>\n                                    <\/div>\n            <\/div>\n        <\/article>\n        <!-- originale \n        <article class=\"metaping-article metaping-rassegna_fiscale\">\n            <div class=\"meta\">\n                <span class=\"date\">30 April 2026<\/span>\n            <\/div>\n            <div class=\"title\">\n                <h3>Scostamento, deroga e nuovo Patto: a cosa punta l\u2019Italia<\/h3>\n            <\/div>\n            <div class=\"meta\">\n                <span class=\"quote\">Il Sole 24 Ore - Gianni Trovati - Pag. 4<\/span>\n            <\/div>\n            <hr>\n            <div class=\"text\">\n\t\t\t\t<p><span style=\"font-weight: 400;\">Crisi energetica. Il Governo italiano preme per la sospensione generalizzata del Patto di Stabilit\u00e0 sostenendo che la \u2018grave congiuntura negativa nella zona euro o nell\u2019Unione nel suo complesso\u2019 che la giustifica vada \u2018prevenuta e non subita o attesa\u2019. Visto che la Commissione europea non si muove, Roma \u2018non esclude\u2019 di chiedere l\u2019attivazione della clausola nazionale, motivata dalle \u2018circostanze eccezionali al di fuori del controllo dello Stato membro\u2019 con \u2018rilevanti ripercussioni sulle sue finanze pubbliche\u2019. Lo scostamento non sarebbe dagli obiettivi di deficit, ma dalle traiettorie di spesa primaria netta. L\u2019Italia chiederebbe quindi di poter aumentare la spesa pubblica, calcolata al netto di interessi, entrate discrezionali, fondi Ue, cofinanziamenti nazionali e sussidi ciclici alla disoccupazione, pi\u00f9 di quanto concordato con Bruxelles nel Piano strutturale di bilancio di fine 2024.\u00a0<\/span><\/p>\n            <\/div>\n\t\t\t        <\/article>\n         fine originale -->\n\t        \n        <article class=\"metaping-tab metaping-rassegna_fiscale\">\n            <input type=\"radio\" id=\"tab-rassegna_fiscale6\" name=\"rd\">\n            <label class=\"metaping-tab-label\" for=\"tab-rassegna_fiscale6\">\n                <div class=\"title\">\n                    <div class=\"meta\">\n                        <span class=\"date\">30 April 2026<\/span> | <span class=\"quote\">Il Sole 24 Ore - Carmine Fotina - Pag. 11<\/span>\n                    <\/div>\n                    <h3>Iperammortamento, non c\u2019\u00e8 obbligo di polizza catastrofale<\/h3>\n                <\/div>\n            <\/label>\n            <div class=\"metaping-tab-container\">\n                <div class=\"metaping-tab-content metaping-article metaping-rassegna_fiscale\">\n                    <div class=\"closebutton\">\n                        <input type=\"radio\" id=\"close\" name=\"rd\">\n                        <label for=\"close\" class=\"metaping-tab-close\">Chiudi &times;<\/label>\n                    <\/div>\n                    <div class=\"title\">\n                        <h2>Iperammortamento, non c\u2019\u00e8 obbligo di polizza catastrofale<\/h2>\n                        <div class=\"meta\">\n                            <span class=\"date\">30 April 2026<\/span> | <span class=\"quote\">Il Sole 24 Ore - Carmine Fotina - Pag. 11<\/span>\n                        <\/div>\n                    <\/div>\n                    <br>\n                    <div class=\"text\">\n                        <p><span style=\"font-weight: 400;\">Esodati da Transizione 5.0. Ieri il Gse ha spedito le prime Pec alle imprese che erano rimaste in coda in relazione agli investimenti del 2025 e che a causa dell\u2019esaurimento delle risorse erano rimaste fuori dal beneficio.\u00a0 Il decreto fiscale dello scorso 27 marzo ha provveduto a rimettere ordine stanziando nuovi fondi. Lo stesso decreto ha stabilito che alle imprese spetta un credito d\u2019imposta pari all\u201989,77% di quello spettante con riferimento ai soli investimenti in beni strumentali e spese per la formazione del personale. La nuova versione di Transizione 5.0, che prevede l\u2019iperammortamento attende ora il via libera della Ragioneria dello Stato. Dai primi webinar emerge che per accedere all\u2019iperammortamento non sar\u00e0 necessario sottoscrivere una polizza catastrofale.<\/span><\/p>\n                    <\/div>\n                                    <\/div>\n            <\/div>\n        <\/article>\n        <!-- originale \n        <article class=\"metaping-article metaping-rassegna_fiscale\">\n            <div class=\"meta\">\n                <span class=\"date\">30 April 2026<\/span>\n            <\/div>\n            <div class=\"title\">\n                <h3>Iperammortamento, non c\u2019\u00e8 obbligo di polizza catastrofale<\/h3>\n            <\/div>\n            <div class=\"meta\">\n                <span class=\"quote\">Il Sole 24 Ore - Carmine Fotina - Pag. 11<\/span>\n            <\/div>\n            <hr>\n            <div class=\"text\">\n\t\t\t\t<p><span style=\"font-weight: 400;\">Esodati da Transizione 5.0. Ieri il Gse ha spedito le prime Pec alle imprese che erano rimaste in coda in relazione agli investimenti del 2025 e che a causa dell\u2019esaurimento delle risorse erano rimaste fuori dal beneficio.\u00a0 Il decreto fiscale dello scorso 27 marzo ha provveduto a rimettere ordine stanziando nuovi fondi. Lo stesso decreto ha stabilito che alle imprese spetta un credito d\u2019imposta pari all\u201989,77% di quello spettante con riferimento ai soli investimenti in beni strumentali e spese per la formazione del personale. La nuova versione di Transizione 5.0, che prevede l\u2019iperammortamento attende ora il via libera della Ragioneria dello Stato. Dai primi webinar emerge che per accedere all\u2019iperammortamento non sar\u00e0 necessario sottoscrivere una polizza catastrofale.<\/span><\/p>\n            <\/div>\n\t\t\t        <\/article>\n         fine originale -->\n\t        \n        <article class=\"metaping-tab metaping-rassegna_fiscale\">\n            <input type=\"radio\" id=\"tab-rassegna_fiscale7\" name=\"rd\">\n            <label class=\"metaping-tab-label\" for=\"tab-rassegna_fiscale7\">\n                <div class=\"title\">\n                    <div class=\"meta\">\n                        <span class=\"date\">30 April 2026<\/span> | <span class=\"quote\">Il Sole 24 Ore - Alessandro Galimberti - Pag. 36<\/span>\n                    <\/div>\n                    <h3>Indagini bancarie legittime solo se l\u2019autorizzazione \u00e8 nel fascicolo<\/h3>\n                <\/div>\n            <\/label>\n            <div class=\"metaping-tab-container\">\n                <div class=\"metaping-tab-content metaping-article metaping-rassegna_fiscale\">\n                    <div class=\"closebutton\">\n                        <input type=\"radio\" id=\"close\" name=\"rd\">\n                        <label for=\"close\" class=\"metaping-tab-close\">Chiudi &times;<\/label>\n                    <\/div>\n                    <div class=\"title\">\n                        <h2>Indagini bancarie legittime solo se l\u2019autorizzazione \u00e8 nel fascicolo<\/h2>\n                        <div class=\"meta\">\n                            <span class=\"date\">30 April 2026<\/span> | <span class=\"quote\">Il Sole 24 Ore - Alessandro Galimberti - Pag. 36<\/span>\n                        <\/div>\n                    <\/div>\n                    <br>\n                    <div class=\"text\">\n                        <p><span style=\"font-weight: 400;\">La Cassazione tributaria, con l\u2019ordinanza n. 11368\/2026 pubblicata lo scorso 27 aprile, mette un limite alla utilizzabilit\u00e0 delle indagini bancarie. Sono legittime solo se l\u2019autorizzazione della Guardia di Finanza \u00e8 parte integrante dell\u2019avviso di accertamento. Pertanto, se il documento non viene allegato all\u2019atto, il contribuente non pu\u00f2 verificare se le indagini che lo riguardano sono state svolte nei limiti di tempo e secondo gli scopi fissati dal Comando generale. La Cassazione cambia dunque orientamento e considera le autorizzazioni \u2018provvedimenti legittimanti l\u2019esercizio del potere istruttorio\u2019 e non invece un semplice \u2018controllo interno\u2019 della Gdf sul corretto utilizzo dei poteri investigativi.\u00a0<\/span><\/p>\n                    <\/div>\n                                    <\/div>\n            <\/div>\n        <\/article>\n        <!-- originale \n        <article class=\"metaping-article metaping-rassegna_fiscale\">\n            <div class=\"meta\">\n                <span class=\"date\">30 April 2026<\/span>\n            <\/div>\n            <div class=\"title\">\n                <h3>Indagini bancarie legittime solo se l\u2019autorizzazione \u00e8 nel fascicolo<\/h3>\n            <\/div>\n            <div class=\"meta\">\n                <span class=\"quote\">Il Sole 24 Ore - Alessandro Galimberti - Pag. 36<\/span>\n            <\/div>\n            <hr>\n            <div class=\"text\">\n\t\t\t\t<p><span style=\"font-weight: 400;\">La Cassazione tributaria, con l\u2019ordinanza n. 11368\/2026 pubblicata lo scorso 27 aprile, mette un limite alla utilizzabilit\u00e0 delle indagini bancarie. Sono legittime solo se l\u2019autorizzazione della Guardia di Finanza \u00e8 parte integrante dell\u2019avviso di accertamento. Pertanto, se il documento non viene allegato all\u2019atto, il contribuente non pu\u00f2 verificare se le indagini che lo riguardano sono state svolte nei limiti di tempo e secondo gli scopi fissati dal Comando generale. La Cassazione cambia dunque orientamento e considera le autorizzazioni \u2018provvedimenti legittimanti l\u2019esercizio del potere istruttorio\u2019 e non invece un semplice \u2018controllo interno\u2019 della Gdf sul corretto utilizzo dei poteri investigativi.\u00a0<\/span><\/p>\n            <\/div>\n\t\t\t        <\/article>\n         fine originale -->\n\t        \n        <article class=\"metaping-tab metaping-rassegna_fiscale\">\n            <input type=\"radio\" id=\"tab-rassegna_fiscale8\" name=\"rd\">\n            <label class=\"metaping-tab-label\" for=\"tab-rassegna_fiscale8\">\n                <div class=\"title\">\n                    <div class=\"meta\">\n                        <span class=\"date\">30 April 2026<\/span> | <span class=\"quote\">Il Sole 24 Ore - Gianluca Dan - Pag. 37<\/span>\n                    <\/div>\n                    <h3>Detrazioni familiari a carico, perimetro ridotto nel 730<\/h3>\n                <\/div>\n            <\/label>\n            <div class=\"metaping-tab-container\">\n                <div class=\"metaping-tab-content metaping-article metaping-rassegna_fiscale\">\n                    <div class=\"closebutton\">\n                        <input type=\"radio\" id=\"close\" name=\"rd\">\n                        <label for=\"close\" class=\"metaping-tab-close\">Chiudi &times;<\/label>\n                    <\/div>\n                    <div class=\"title\">\n                        <h2>Detrazioni familiari a carico, perimetro ridotto nel 730<\/h2>\n                        <div class=\"meta\">\n                            <span class=\"date\">30 April 2026<\/span> | <span class=\"quote\">Il Sole 24 Ore - Gianluca Dan - Pag. 37<\/span>\n                        <\/div>\n                    <\/div>\n                    <br>\n                    <div class=\"text\">\n                        <p><span style=\"font-weight: 400;\">Dichiarazioni. Dal 2025 \u00e8 cambiato il sistema delle detrazioni per familiari a carico. Sono considerati fiscalmente a carico i membri della famiglia che nel 2025 hanno maturato un reddito complessivo pari o inferiore a 2.840,51 euro, al lordo degli oneri deducibili, limite elevato a 4 mila euro per i figli di et\u00e0 non superiore a 24 anni comprendendo nel conteggio eventuali redditi dei fabbricati assoggettati a cedolare, le mance per i lavoratori del settore privato e i redditi dei forfettari. Le detrazioni competono per il coniuge non separato, i figli compresi quelli adottivi e i figli conviventi del coniuge deceduto di et\u00e0 pari o superiore a 21 anni, ma inferiore a 30, nonch\u00e9 quelli di et\u00e0 superiore a 30 anni se disabili. Dal 2025 non \u00e8 pi\u00f9 possibile fruire della detrazione per familiari fiscalmente a carico, anche se conviventi con il contribuente, per il coniuge separato, i discendenti dei figli, i generi e le nuove, il suocero\u00a0 e la suocera e per i fratelli e le sorelle.\u00a0<\/span><\/p>\n                    <\/div>\n                                    <\/div>\n            <\/div>\n        <\/article>\n        <!-- originale \n        <article class=\"metaping-article metaping-rassegna_fiscale\">\n            <div class=\"meta\">\n                <span class=\"date\">30 April 2026<\/span>\n            <\/div>\n            <div class=\"title\">\n                <h3>Detrazioni familiari a carico, perimetro ridotto nel 730<\/h3>\n            <\/div>\n            <div class=\"meta\">\n                <span class=\"quote\">Il Sole 24 Ore - Gianluca Dan - Pag. 37<\/span>\n            <\/div>\n            <hr>\n            <div class=\"text\">\n\t\t\t\t<p><span style=\"font-weight: 400;\">Dichiarazioni. Dal 2025 \u00e8 cambiato il sistema delle detrazioni per familiari a carico. Sono considerati fiscalmente a carico i membri della famiglia che nel 2025 hanno maturato un reddito complessivo pari o inferiore a 2.840,51 euro, al lordo degli oneri deducibili, limite elevato a 4 mila euro per i figli di et\u00e0 non superiore a 24 anni comprendendo nel conteggio eventuali redditi dei fabbricati assoggettati a cedolare, le mance per i lavoratori del settore privato e i redditi dei forfettari. Le detrazioni competono per il coniuge non separato, i figli compresi quelli adottivi e i figli conviventi del coniuge deceduto di et\u00e0 pari o superiore a 21 anni, ma inferiore a 30, nonch\u00e9 quelli di et\u00e0 superiore a 30 anni se disabili. Dal 2025 non \u00e8 pi\u00f9 possibile fruire della detrazione per familiari fiscalmente a carico, anche se conviventi con il contribuente, per il coniuge separato, i discendenti dei figli, i generi e le nuove, il suocero\u00a0 e la suocera e per i fratelli e le sorelle.\u00a0<\/span><\/p>\n            <\/div>\n\t\t\t        <\/article>\n         fine originale -->\n\t        \n        <article class=\"metaping-tab metaping-rassegna_fiscale\">\n            <input type=\"radio\" id=\"tab-rassegna_fiscale9\" name=\"rd\">\n            <label class=\"metaping-tab-label\" for=\"tab-rassegna_fiscale9\">\n                <div class=\"title\">\n                    <div class=\"meta\">\n                        <span class=\"date\">30 April 2026<\/span> | <span class=\"quote\">Il Sole 24 Ore - Luca Gaiani - Pag. 39<\/span>\n                    <\/div>\n                    <h3>Esodati, le lettere del Gse per compensare i crediti<\/h3>\n                <\/div>\n            <\/label>\n            <div class=\"metaping-tab-container\">\n                <div class=\"metaping-tab-content metaping-article metaping-rassegna_fiscale\">\n                    <div class=\"closebutton\">\n                        <input type=\"radio\" id=\"close\" name=\"rd\">\n                        <label for=\"close\" class=\"metaping-tab-close\">Chiudi &times;<\/label>\n                    <\/div>\n                    <div class=\"title\">\n                        <h2>Esodati, le lettere del Gse per compensare i crediti<\/h2>\n                        <div class=\"meta\">\n                            <span class=\"date\">30 April 2026<\/span> | <span class=\"quote\">Il Sole 24 Ore - Luca Gaiani - Pag. 39<\/span>\n                        <\/div>\n                    <\/div>\n                    <br>\n                    <div class=\"text\">\n                        <p><span style=\"font-weight: 400;\">Comunicazioni. Per gli esodati del bonus transizioni 5.0 parte la corsa alla compensazione dei crediti entro la fine del 2026. Il Gse, ieri, ha iniziato a trasmettere ai contribuenti le comunicazioni che riconoscono il credito nella misura dell\u201989,77%. Per la scadenza di luned\u00ec 18 maggio, le imprese interessate sono chiamate a verificare che l\u2019Agenzia delle Entrate abbia confermato il credito inserendolo nel loro cassetto fiscale. Dopo che il Dl 42\/2026 ha corretto al rialzo la misura della percentuale di credito attribuita alle imprese che, pur avendo effettuato nel 2025 investimenti con i requisiti transizione 5.0, erano rimaste escluse dal bonus per mancanza di fondi, sono ora in arrivo le comunicazioni con cui il Gse conferma l\u2019importo del credito compensabile.\u00a0<\/span><\/p>\n                    <\/div>\n                                    <\/div>\n            <\/div>\n        <\/article>\n        <!-- originale \n        <article class=\"metaping-article metaping-rassegna_fiscale\">\n            <div class=\"meta\">\n                <span class=\"date\">30 April 2026<\/span>\n            <\/div>\n            <div class=\"title\">\n                <h3>Esodati, le lettere del Gse per compensare i crediti<\/h3>\n            <\/div>\n            <div class=\"meta\">\n                <span class=\"quote\">Il Sole 24 Ore - Luca Gaiani - Pag. 39<\/span>\n            <\/div>\n            <hr>\n            <div class=\"text\">\n\t\t\t\t<p><span style=\"font-weight: 400;\">Comunicazioni. Per gli esodati del bonus transizioni 5.0 parte la corsa alla compensazione dei crediti entro la fine del 2026. Il Gse, ieri, ha iniziato a trasmettere ai contribuenti le comunicazioni che riconoscono il credito nella misura dell\u201989,77%. Per la scadenza di luned\u00ec 18 maggio, le imprese interessate sono chiamate a verificare che l\u2019Agenzia delle Entrate abbia confermato il credito inserendolo nel loro cassetto fiscale. Dopo che il Dl 42\/2026 ha corretto al rialzo la misura della percentuale di credito attribuita alle imprese che, pur avendo effettuato nel 2025 investimenti con i requisiti transizione 5.0, erano rimaste escluse dal bonus per mancanza di fondi, sono ora in arrivo le comunicazioni con cui il Gse conferma l\u2019importo del credito compensabile.\u00a0<\/span><\/p>\n            <\/div>\n\t\t\t        <\/article>\n         fine originale -->\n\t        \n        <article class=\"metaping-tab metaping-rassegna_fiscale\">\n            <input type=\"radio\" id=\"tab-rassegna_fiscale10\" name=\"rd\">\n            <label class=\"metaping-tab-label\" for=\"tab-rassegna_fiscale10\">\n                <div class=\"title\">\n                    <div class=\"meta\">\n                        <span class=\"date\">30 April 2026<\/span> | <span class=\"quote\">Italia Oggi - Francesco Cerisano - Pag. 20<\/span>\n                    <\/div>\n                    <h3>Il bonus mobili cambia pelle<\/h3>\n                <\/div>\n            <\/label>\n            <div class=\"metaping-tab-container\">\n                <div class=\"metaping-tab-content metaping-article metaping-rassegna_fiscale\">\n                    <div class=\"closebutton\">\n                        <input type=\"radio\" id=\"close\" name=\"rd\">\n                        <label for=\"close\" class=\"metaping-tab-close\">Chiudi &times;<\/label>\n                    <\/div>\n                    <div class=\"title\">\n                        <h2>Il bonus mobili cambia pelle<\/h2>\n                        <div class=\"meta\">\n                            <span class=\"date\">30 April 2026<\/span> | <span class=\"quote\">Italia Oggi - Francesco Cerisano - Pag. 20<\/span>\n                        <\/div>\n                    <\/div>\n                    <br>\n                    <div class=\"text\">\n                        <p><span style=\"font-weight: 400;\">Un emendamento al decreto fiscale potrebbe cambiare pelle al bonus mobili ed elettrodomestici. Il bonus, dal 2027, potrebbe diventare strutturale e sar\u00e0 ancorato ad una percentuale, pari al 15%, del totale delle spese di ristrutturazioni edilizie ammesse alla detrazione Irpef del 50%. La modifica eviterebbe di dover ogni anno\u00a0 riprorogare l\u2019agevolazione e avrebbe un doppio beneficio: consentire il potenziale superamento dell\u2019attuale tetto di 5 mila euro ed evitare alcuni utilizzi impropri dell\u2019attuale bonus che, essendo previsto in cifra fissa, spingerebbe a realizzare piccoli interventi di ristrutturazione edilizia pur di poterne usufruire.\u00a0<\/span><\/p>\n                    <\/div>\n                                    <\/div>\n            <\/div>\n        <\/article>\n        <!-- originale \n        <article class=\"metaping-article metaping-rassegna_fiscale\">\n            <div class=\"meta\">\n                <span class=\"date\">30 April 2026<\/span>\n            <\/div>\n            <div class=\"title\">\n                <h3>Il bonus mobili cambia pelle<\/h3>\n            <\/div>\n            <div class=\"meta\">\n                <span class=\"quote\">Italia Oggi - Francesco Cerisano - Pag. 20<\/span>\n            <\/div>\n            <hr>\n            <div class=\"text\">\n\t\t\t\t<p><span style=\"font-weight: 400;\">Un emendamento al decreto fiscale potrebbe cambiare pelle al bonus mobili ed elettrodomestici. Il bonus, dal 2027, potrebbe diventare strutturale e sar\u00e0 ancorato ad una percentuale, pari al 15%, del totale delle spese di ristrutturazioni edilizie ammesse alla detrazione Irpef del 50%. La modifica eviterebbe di dover ogni anno\u00a0 riprorogare l\u2019agevolazione e avrebbe un doppio beneficio: consentire il potenziale superamento dell\u2019attuale tetto di 5 mila euro ed evitare alcuni utilizzi impropri dell\u2019attuale bonus che, essendo previsto in cifra fissa, spingerebbe a realizzare piccoli interventi di ristrutturazione edilizia pur di poterne usufruire.\u00a0<\/span><\/p>\n            <\/div>\n\t\t\t        <\/article>\n         fine originale -->\n\t        \n        <article class=\"metaping-tab metaping-rassegna_fiscale\">\n            <input type=\"radio\" id=\"tab-rassegna_fiscale11\" name=\"rd\">\n            <label class=\"metaping-tab-label\" for=\"tab-rassegna_fiscale11\">\n                <div class=\"title\">\n                    <div class=\"meta\">\n                        <span class=\"date\">30 April 2026<\/span> | <span class=\"quote\">Italia Oggi - Matteo Rizzi - Pag. 23<\/span>\n                    <\/div>\n                    <h3>Ocse, ok ai crediti d\u2019imposta<\/h3>\n                <\/div>\n            <\/label>\n            <div class=\"metaping-tab-container\">\n                <div class=\"metaping-tab-content metaping-article metaping-rassegna_fiscale\">\n                    <div class=\"closebutton\">\n                        <input type=\"radio\" id=\"close\" name=\"rd\">\n                        <label for=\"close\" class=\"metaping-tab-close\">Chiudi &times;<\/label>\n                    <\/div>\n                    <div class=\"title\">\n                        <h2>Ocse, ok ai crediti d\u2019imposta<\/h2>\n                        <div class=\"meta\">\n                            <span class=\"date\">30 April 2026<\/span> | <span class=\"quote\">Italia Oggi - Matteo Rizzi - Pag. 23<\/span>\n                        <\/div>\n                    <\/div>\n                    <br>\n                    <div class=\"text\">\n                        <p><span style=\"font-weight: 400;\">Una guida pubblicata dall\u2019Ocse analizza come progettare stimoli agli investimenti. L\u2019organizzazione parigina promuove gli incentivi fiscali costruiti sul modello dell\u2019iperammortamento e dei crediti d\u2019imposta per gli investimenti, in quanto collegano il beneficio fiscale alla spesa effettivamente sostenuta dalle imprese. Il documento distingue due tipologie di incentivi fiscali: quelli basati sulle spese e quelli basati sul reddito. I primi, come crediti d\u2019imposta, deduzioni o ammortamenti accelerati, sono considerati pi\u00f9 efficienti perch\u00e9 collegano direttamente il beneficio fiscale all\u2019investimento effettuato. I secondi, come esenzioni o aliquote ridotte sugli utili, tendono a favorire imprese gi\u00e0 redditizie, che in molti casi non necessitano di un incentivo per investire. Questo comporta un rischio di inefficienza, con risorse pubbliche destinate a sostenere attivit\u00e0 che si sarebbero comunque realizzate.\u00a0<\/span><\/p>\n                    <\/div>\n                                    <\/div>\n            <\/div>\n        <\/article>\n        <!-- originale \n        <article class=\"metaping-article metaping-rassegna_fiscale\">\n            <div class=\"meta\">\n                <span class=\"date\">30 April 2026<\/span>\n            <\/div>\n            <div class=\"title\">\n                <h3>Ocse, ok ai crediti d\u2019imposta<\/h3>\n            <\/div>\n            <div class=\"meta\">\n                <span class=\"quote\">Italia Oggi - Matteo Rizzi - Pag. 23<\/span>\n            <\/div>\n            <hr>\n            <div class=\"text\">\n\t\t\t\t<p><span style=\"font-weight: 400;\">Una guida pubblicata dall\u2019Ocse analizza come progettare stimoli agli investimenti. L\u2019organizzazione parigina promuove gli incentivi fiscali costruiti sul modello dell\u2019iperammortamento e dei crediti d\u2019imposta per gli investimenti, in quanto collegano il beneficio fiscale alla spesa effettivamente sostenuta dalle imprese. Il documento distingue due tipologie di incentivi fiscali: quelli basati sulle spese e quelli basati sul reddito. I primi, come crediti d\u2019imposta, deduzioni o ammortamenti accelerati, sono considerati pi\u00f9 efficienti perch\u00e9 collegano direttamente il beneficio fiscale all\u2019investimento effettuato. I secondi, come esenzioni o aliquote ridotte sugli utili, tendono a favorire imprese gi\u00e0 redditizie, che in molti casi non necessitano di un incentivo per investire. Questo comporta un rischio di inefficienza, con risorse pubbliche destinate a sostenere attivit\u00e0 che si sarebbero comunque realizzate.\u00a0<\/span><\/p>\n            <\/div>\n\t\t\t        <\/article>\n         fine originale -->\n\t        <!-- IL CHIUDI TUTTE NON FUNZIONA CON I CHECKBOX \n        <div class=\"metaping-tab\">\n            <input type=\"radio\" id=\"close\" name=\"rd\">\n            <label for=\"close\" class=\"metaping-tab-close\">Chiudi tutte &times;<\/label>\n        <\/div>\n        -->\n    <\/div>\n<\/div>\n\t\t\t\t\t\t<\/div>\n\t\t\t\t<\/div>\n\t\t\t\t<div class=\"elementor-element elementor-element-6a0be3d ob-harakiri-inherit ob-has-background-overlay elementor-widget elementor-widget-global elementor-global-343 elementor-global-197 elementor-widget-heading\" data-id=\"6a0be3d\" data-element_type=\"widget\" data-settings=\"{&quot;_ob_use_harakiri&quot;:&quot;yes&quot;,&quot;_ob_harakiri_writing_mode&quot;:&quot;inherit&quot;,&quot;_ob_harakiri_text_clip&quot;:&quot;none&quot;,&quot;_ob_perspektive_use&quot;:&quot;no&quot;,&quot;_ob_poopart_use&quot;:&quot;yes&quot;,&quot;_ob_shadough_use&quot;:&quot;no&quot;,&quot;_ob_allow_hoveranimator&quot;:&quot;no&quot;,&quot;_ob_widget_stalker_use&quot;:&quot;no&quot;}\" data-widget_type=\"heading.default\">\n\t\t\t\t<div class=\"elementor-widget-container\">\n\t\t\t\t\t<p class=\"elementor-heading-title elementor-size-default\">The reviews and the fiscal calendar are a product of <a href=\"https:\/\/www.metaping.it\" title=\"Metaping - Servizi per Commercialisti, Avvocati e Ordini Professionali\" target=\"_blank\">Metaping - Services for Accountants, Lawyers and Professional Associations<\/a><\/p>\t\t\t\t<\/div>\n\t\t\t\t<\/div>\n\t\t\t\t\t<\/div>\n\t\t<\/div>\n\t\t\t\t\t<\/div>\n\t\t<\/section>\n\t\t\t\t<\/div>\n\t\t","protected":false},"excerpt":{"rendered":"<p>Tax Press review Le rassegne e il calendario fiscale sono un prodotto Metaping &#8211; Servizi per Commercialisti, Avvocati e Ordini Professionali<\/p>\n","protected":false},"author":1,"featured_media":0,"parent":0,"menu_order":0,"comment_status":"closed","ping_status":"closed","template":"","meta":{"_acf_changed":false,"footnotes":""},"class_list":["post-325","page","type-page","status-publish","hentry"],"acf":[],"_links":{"self":[{"href":"https:\/\/www.studioriva.it\/en\/wp-json\/wp\/v2\/pages\/325"}],"collection":[{"href":"https:\/\/www.studioriva.it\/en\/wp-json\/wp\/v2\/pages"}],"about":[{"href":"https:\/\/www.studioriva.it\/en\/wp-json\/wp\/v2\/types\/page"}],"author":[{"embeddable":true,"href":"https:\/\/www.studioriva.it\/en\/wp-json\/wp\/v2\/users\/1"}],"replies":[{"embeddable":true,"href":"https:\/\/www.studioriva.it\/en\/wp-json\/wp\/v2\/comments?post=325"}],"version-history":[{"count":1,"href":"https:\/\/www.studioriva.it\/en\/wp-json\/wp\/v2\/pages\/325\/revisions"}],"predecessor-version":[{"id":326,"href":"https:\/\/www.studioriva.it\/en\/wp-json\/wp\/v2\/pages\/325\/revisions\/326"}],"wp:attachment":[{"href":"https:\/\/www.studioriva.it\/en\/wp-json\/wp\/v2\/media?parent=325"}],"curies":[{"name":"wp","href":"https:\/\/api.w.org\/{rel}","templated":true}]}}